{"id":1089,"date":"2023-10-19T14:06:05","date_gmt":"2023-10-19T12:06:05","guid":{"rendered":"http:\/\/albergo.elated-themes.com\/?page_id=1089"},"modified":"2026-01-30T19:52:04","modified_gmt":"2026-01-30T18:52:04","slug":"vicino-a-tutto-il-bello-di-verona","status":"publish","type":"page","link":"https:\/\/www.albergomazzanti.it\/de\/vicino-a-tutto-il-bello-di-verona\/","title":{"rendered":"In der N\u00e4he aller Sch\u00f6nheiten von Verona"},"content":{"rendered":"<div class=\"vc_row wpb_row vc_row-fluid vc_custom_1698066230701 vc_row-has-fill\" ><div class=\"wpb_column vc_column_container vc_col-sm-12 vc_col-has-fill\"><div class=\"vc_column-inner vc_custom_1698066238865\"><div class=\"wpb_wrapper\"><div class=\"eltd-elements-holder   eltd-one-column  eltd-responsive-mode-768\" ><div class=\"eltd-eh-item\"  data-item-class=\"eltd-eh-custom-4979\" data-680=\"30p 30px\">\n\t<div class=\"eltd-eh-item-inner\">\n\t\t<div class=\"eltd-eh-item-content eltd-eh-custom-4979\" style=\"padding: 0 30px 30px 30px\">\n\t\t\t\n\t\t\t<!-- START Verona REVOLUTION SLIDER 6.5.9 --><p class=\"rs-p-wp-fix\"><\/p>\n\t\t\t<rs-module-wrap id=\"rev_slider_3_1_wrapper\" data-source=\"gallery\" style=\"visibility:hidden;background:transparent;padding:0;margin:0px auto;margin-top:0;margin-bottom:0;\">\n\t\t\t\t<rs-module id=\"rev_slider_3_1\" style=\"\" data-version=\"6.5.9\">\n\t\t\t\t\t<rs-slides>\n\t\t\t\t\t\t<rs-slide style=\"position: absolute;\" data-key=\"rs-3\" data-title=\"Slide\" data-in=\"o:0;\" data-out=\"a:false;\">\n\t\t\t\t\t\t\t<img loading=\"lazy\" decoding=\"async\" src=\"\/\/www.albergomazzanti.it\/wp-content\/plugins\/revslider\/public\/assets\/assets\/dummy.png\" title=\"verona-ok_3.jpeg\" width=\"1920\" height=\"1080\" class=\"rev-slidebg tp-rs-img rs-lazyload\" data-lazyload=\"\/\/www.albergomazzanti.it\/wp-content\/uploads\/revslider\/video-media\/verona-ok_3.jpeg\" data-no-retina>\n\t\t\t\t\t\t\t<rs-bgvideo \n\t\t\t\t\t\t\t\tdata-video=\"w:100%;h:100%;nse:false;l:true;ptimer:false;vfc:true;\"\n\t\t\t\t\t\t\t\tdata-mp4=\"\/\/www.albergomazzanti.it\/wp-content\/uploads\/2023\/10\/verona-ok.mp4\"\n\t\t\t\t\t\t\t><\/rs-bgvideo>\n<!---->\t\t\t\t\t\t<\/rs-slide>\n\t\t\t\t\t<\/rs-slides>\n\t\t\t\t<\/rs-module>\n\t\t\t\t<script type=\"text\/javascript\">\n\t\t\t\t\tsetREVStartSize({c: 'rev_slider_3_1',rl:[1240,1024,778,480],el:[900],gw:[1240],gh:[900],type:'standard',justify:'',layout:'fullwidth',mh:\"0\"});if (window.RS_MODULES!==undefined && window.RS_MODULES.modules!==undefined && window.RS_MODULES.modules[\"revslider31\"]!==undefined) {window.RS_MODULES.modules[\"revslider31\"].once = false;window.revapi3 = undefined;if (window.RS_MODULES.checkMinimal!==undefined) window.RS_MODULES.checkMinimal()}\n\t\t\t\t<\/script>\n\t\t\t<\/rs-module-wrap>\n\t\t\t<!-- END REVOLUTION SLIDER -->\n\t\t<\/div>\n\t<\/div>\n<\/div><\/div><\/div><\/div><\/div><\/div><div class=\"vc_row wpb_row vc_row-fluid vc_custom_1697721146664 vc_row-has-fill\" ><div class=\"wpb_column vc_column_container vc_col-sm-12 vc_col-has-fill\"><div class=\"vc_column-inner vc_custom_1698066247193\"><div class=\"wpb_wrapper\"><div class=\"eltd-elements-holder   eltd-two-columns  eltd-responsive-mode-1024\" style=\"background-color: #ffffff\"><div class=\"eltd-eh-item   eltd-horizontal-alignment-center\" style=\"background-color: #ffffff\" data-item-class=\"eltd-eh-custom-1235\" data-1280-1600=\"0% 10% 32px 10%\" data-1024-1280=\"91px 10% 130px 10%\" data-768-1024=\"4% 24% 50px 24%\" data-680-768=\"14% 14% 0px 14%\" data-680=\"0 0\">\n\t<div class=\"eltd-eh-item-inner\">\n\t\t<div class=\"eltd-eh-item-content eltd-eh-custom-1235\" style=\"padding: 0% 24% 37px 24%\">\n\t\t\t<div class=\"eltd-section-title-holder eltd-separator-disabled\" >\n    <div class=\"eltd-section-title-inner\">\n                            <h2 class=\"eltd-st-title\" style=\"margin-top: 22px\">\n                <span class=\"eltd-st-before\">Hotel in Verona<\/span>\n                <span>im historischen Zentrum<\/span>\n            <\/h2>\n                            <p class=\"eltd-st-text\" style=\"font-size: 15px;line-height: 29px;margin: 30px 29px 0 29px\">Ein Aufenthalt in unserem Hotel bedeutet, in Verona im historischen Zentrum zu sein, der ideale Ort f\u00fcr diejenigen, die jeden Winkel der Stadt in einer Atmosph\u00e4re voller Geschichte und Entspannung entdecken m\u00f6chten. In einer privilegierten Lage \u00fcberblickt es das historische Case Mazzanti in der Via Mazzanti, zwischen der Piazza delle Erbe und der Piazza dei Signori. Als eines der \u00e4ltesten Hotels in Verona im historischen Zentrum verf\u00fcgt das Albergo Mazzanti \u00fcber 16 Zimmer, die sich auf zwei Etagen mit Aufzug verteilen und alle Nichtraucherzimmer sind. Sie sind in drei Typen unterteilt: Doppel-, Dreibett- und Einzelzimmer. Sie sind alle elegant eingerichtet, mit hochwertigen Oberfl\u00e4chen ausgestattet und verf\u00fcgen \u00fcber Klimaanlage, Telefon, LCD-TV, Haartrockner, kostenloses Telefon, Safe, Minibar, Badezimmer mit Dusche oder Badewanne und einige davon f\u00fcr Personen mit eingeschr\u00e4nkter Mobilit\u00e4t ausgestattet. Das Fr\u00fchst\u00fcck wird in Buffetform in einem speziellen Raum serviert. Zum Mittag- und Abendessen empfiehlt Albergo Mazzanti das Caff\u00e8 Dante Bistrot, das neben dem Hotel liegt und einen Blick auf die sch\u00f6ne Piazza dei Signori bietet.<\/p>\n                    <\/div>\n<\/div><div class=\"vc_empty_space  vc_custom_1698065556238\"   style=\"height: 40px\"><span class=\"vc_empty_space_inner\"><\/span><\/div><a itemprop=\"url\" href=\"#\" target=\"_self\"  class=\"eltd-btn eltd-btn-medium eltd-btn-solid eltd-btn-line-left eltd-btn-animation-enabled\"  >\n    <span class=\"eltd-btn-text\">Buchen Sie jetzt<\/span>\n\n        \t<span class=\"eltd-btn-hover-overlay\" ><\/span>\n    \n    <\/a>\t\t<\/div>\n\t<\/div>\n<\/div><div class=\"eltd-eh-item\" style=\"background-color: #ffffff\" data-item-class=\"eltd-eh-custom-3142\">\n\t<div class=\"eltd-eh-item-inner\">\n\t\t<div class=\"eltd-eh-item-content eltd-eh-custom-3142\" >\n\t\t\t\n\t<div  class=\"wpb_single_image wpb_content_element vc_align_left\">\n\t\t\n\t\t<figure class=\"wpb_wrapper vc_figure\">\n\t\t\t<div class=\"vc_single_image-wrapper   vc_box_border_grey\"><img loading=\"lazy\" decoding=\"async\" class=\"vc_single_image-img\" src=\"https:\/\/www.albergomazzanti.it\/wp-content\/uploads\/2023\/10\/2-800x800.png\" width=\"800\" height=\"800\" alt=\"2\" title=\"2\" \/><\/div>\n\t\t<\/figure>\n\t<\/div>\n\t\t<\/div>\n\t<\/div>\n<\/div><\/div><\/div><\/div><\/div><\/div><div class=\"vc_row wpb_row vc_row-fluid vc_custom_1698067052844 vc_row-has-fill eltd-content-aligment-center\" style=\"background-color:#f8f6f8\"><div class=\"wpb_column vc_column_container vc_col-sm-12 vc_col-has-fill\"><div class=\"vc_column-inner vc_custom_1698061309543\"><div class=\"wpb_wrapper\"><div class=\"eltd-section-title-holder eltd-separator-disabled\" >\n    <div class=\"eltd-section-title-inner\">\n                            <h2 class=\"eltd-st-title\" >\n                <span class=\"eltd-st-before\">Nicht weit weg<\/span>\n                <span>von der Sch\u00f6nheit Veronas<\/span>\n            <\/h2>\n                            <\/div>\n<\/div><div class=\"vc_empty_space  vc_custom_1698065167599\"   style=\"height: 64px\"><span class=\"vc_empty_space_inner\"><\/span><\/div><div class=\"eltd-row-grid-section-wrapper\" style=\"background-color:#ffffff\"><div class=\"eltd-row-grid-section\"><div class=\"vc_row wpb_row vc_inner vc_row-fluid vc_custom_1698066383705 vc_row-has-fill\" ><div class=\"wpb_column vc_column_container vc_col-sm-12 vc_col-lg-4 vc_col-md-4\"><div class=\"vc_column-inner\"><div class=\"wpb_wrapper\">\n\t<div  class=\"wpb_single_image wpb_content_element vc_align_center\">\n\t\t\n\t\t<figure class=\"wpb_wrapper vc_figure\">\n\t\t\t<div class=\"vc_single_image-wrapper   vc_box_border_grey\"><img loading=\"lazy\" decoding=\"async\" class=\"vc_single_image-img\" src=\"https:\/\/www.albergomazzanti.it\/wp-content\/uploads\/2023\/09\/Case-Mazzanti-400x400.png\" width=\"400\" height=\"400\" alt=\"Case Mazzanti\" title=\"Mazzanti-H\u00e4user\" \/><\/div>\n\t\t<\/figure>\n\t<\/div>\n<div class=\"vc_empty_space\"   style=\"height: 40px\"><span class=\"vc_empty_space_inner\"><\/span><\/div>\n\t<div class=\"wpb_text_column wpb_content_element\" >\n\t\t<div class=\"wpb_wrapper\">\n\t\t\t<h3>Mazzanti-H\u00e4user<\/h3>\n<p><strong>Vor dem Hotel<\/strong><br \/>\nWenn Sie das Hotel verlassen, k\u00f6nnen Sie die steile Au\u00dfentreppe des Case Mazzanti und die pr\u00e4chtige Vera del Pozzo mit eisernen F\u00fchrungen bewundern, die es Ihnen erm\u00f6glichten, die Eimer von den H\u00e4usern herabzulassen, einer der intimsten und malerischsten Ecken von Verona.<\/p>\n\n\t\t<\/div>\n\t<\/div>\n<\/div><\/div><\/div><div class=\"wpb_column vc_column_container vc_col-sm-12 vc_col-lg-4 vc_col-md-4\"><div class=\"vc_column-inner\"><div class=\"wpb_wrapper\">\n\t<div  class=\"wpb_single_image wpb_content_element vc_align_center\">\n\t\t\n\t\t<figure class=\"wpb_wrapper vc_figure\">\n\t\t\t<div class=\"vc_single_image-wrapper   vc_box_border_grey\"><img loading=\"lazy\" decoding=\"async\" class=\"vc_single_image-img\" src=\"https:\/\/www.albergomazzanti.it\/wp-content\/uploads\/2023\/10\/Progetto-senza-titolo-20-400x400.png\" width=\"400\" height=\"400\" alt=\"Progetto senza titolo (20)\" title=\"Projekt ohne Titel (20)\" \/><\/div>\n\t\t<\/figure>\n\t<\/div>\n<div class=\"vc_empty_space\"   style=\"height: 40px\"><span class=\"vc_empty_space_inner\"><\/span><\/div>\n\t<div class=\"wpb_text_column wpb_content_element\" >\n\t\t<div class=\"wpb_wrapper\">\n\t\t\t<h3>Piazza dei Signori<\/h3>\n<p><strong>Neben dem Mazzanti Hotel<\/strong><br \/>\nAufgrund des Denkmals f\u00fcr Dante Alighieri auch als Piazza Dante bekannt, \u00fcberblickt die Piazza dei Signori mehrere Geb\u00e4ude von gro\u00dfem k\u00fcnstlerischen Wert, darunter den Palazzo della Ragione, den Palazzo del Podest\u00e0 und die Loggia del Consiglio. Seit mehreren Jahren ist es die Heimat der N\u00fcrnberger Weihnachtsm\u00e4rkte und des verliebten Veronas am Valentinstag.<\/p>\n\n\t\t<\/div>\n\t<\/div>\n<\/div><\/div><\/div><div class=\"wpb_column vc_column_container vc_col-sm-12 vc_col-lg-4 vc_col-md-4\"><div class=\"vc_column-inner\"><div class=\"wpb_wrapper\">\n\t<div  class=\"wpb_single_image wpb_content_element vc_align_center\">\n\t\t\n\t\t<figure class=\"wpb_wrapper vc_figure\">\n\t\t\t<div class=\"vc_single_image-wrapper   vc_box_border_grey\"><img loading=\"lazy\" decoding=\"async\" class=\"vc_single_image-img\" src=\"https:\/\/www.albergomazzanti.it\/wp-content\/uploads\/2023\/10\/2-3-400x400.png\" width=\"400\" height=\"400\" alt=\"2\" title=\"2\" \/><\/div>\n\t\t<\/figure>\n\t<\/div>\n<div class=\"vc_empty_space\"   style=\"height: 40px\"><span class=\"vc_empty_space_inner\"><\/span><\/div>\n\t<div class=\"wpb_text_column wpb_content_element\" >\n\t\t<div class=\"wpb_wrapper\">\n\t\t\t<h3>Piazza delle Erbe<\/h3>\n<p><strong>Weniger als einer Minute<\/strong><br \/>\nAuf diesem faszinierenden Platz in Verona, auf dem der imposante Torre dei Lamberti dominiert, k\u00f6nnen Sie die alten Au\u00dfenfresken bewundern, die den oberen Teil des Case Mazzanti, des Maffei-Palastes im Stil der Sp\u00e4trenaissance, bedecken, oder von einem Sitzplatz aus die Aussicht auf den Platz genie\u00dfen der vielen R\u00e4ume, die es bev\u00f6lkern.<\/p>\n\n\t\t<\/div>\n\t<\/div>\n<\/div><\/div><\/div><\/div><\/div><\/div><div class=\"eltd-row-grid-section-wrapper\" style=\"background-color:#ffffff\"><div class=\"eltd-row-grid-section\"><div class=\"vc_row wpb_row vc_inner vc_row-fluid vc_custom_1698063760697 vc_row-has-fill\" ><div class=\"wpb_column vc_column_container vc_col-sm-12 vc_col-lg-4 vc_col-md-4 vc_col-has-fill\"><div class=\"vc_column-inner vc_custom_1698066365286\"><div class=\"wpb_wrapper\">\n\t<div  class=\"wpb_single_image wpb_content_element vc_align_center\">\n\t\t\n\t\t<figure class=\"wpb_wrapper vc_figure\">\n\t\t\t<div class=\"vc_single_image-wrapper   vc_box_border_grey\"><img loading=\"lazy\" decoding=\"async\" class=\"vc_single_image-img\" src=\"https:\/\/www.albergomazzanti.it\/wp-content\/uploads\/2023\/10\/35-400x400.png\" width=\"400\" height=\"400\" alt=\"35\" title=\"35\" \/><\/div>\n\t\t<\/figure>\n\t<\/div>\n<div class=\"vc_empty_space\"   style=\"height: 40px\"><span class=\"vc_empty_space_inner\"><\/span><\/div>\n\t<div class=\"wpb_text_column wpb_content_element\" >\n\t\t<div class=\"wpb_wrapper\">\n\t\t\t<h3>Giuliettas Zuhause<\/h3>\n<p><strong>2 Minuten entfernt<\/strong><br \/>\nDas Haus der Julia, nur wenige Meter von der Piazza delle Erbe entfernt, ist ein alter Palast aus dem Ende des 13. Jahrhunderts. Hier k\u00f6nnen Sie Spuren der ber\u00fchmten Liebesgeschichte zwischen Julia und Romeo entdecken, indem Sie den Innenhof und den Palast besichtigen, der einst der Familie Capulet geh\u00f6rte.<\/p>\n\n\t\t<\/div>\n\t<\/div>\n<div class=\"vc_btn3-container vc_btn3-inline\" ><a class=\"vc_general vc_btn3 vc_btn3-size-md vc_btn3-shape-rounded vc_btn3-style-modern vc_btn3-icon-left vc_btn3-color-grey\" href=\"https:\/\/casadigiulietta.comune.verona.it\/nqcontent.cfm?a_id=95781\" title=\"\" target=\"_blank\"><i class=\"vc_btn3-icon fas fa-exclamation-triangle\"><\/i> ATTENZIONE VARIAZIONE APERTURE PER LAVORI DI MANUTENZIONE<\/a><\/div><\/div><\/div><\/div><div class=\"wpb_column vc_column_container vc_col-sm-12 vc_col-lg-4 vc_col-md-4 vc_col-has-fill\"><div class=\"vc_column-inner vc_custom_1698066357052\"><div class=\"wpb_wrapper\">\n\t<div  class=\"wpb_single_image wpb_content_element vc_align_center\">\n\t\t\n\t\t<figure class=\"wpb_wrapper vc_figure\">\n\t\t\t<div class=\"vc_single_image-wrapper   vc_box_border_grey\"><img loading=\"lazy\" decoding=\"async\" class=\"vc_single_image-img\" src=\"https:\/\/www.albergomazzanti.it\/wp-content\/uploads\/2023\/10\/36-400x400.png\" width=\"400\" height=\"400\" alt=\"36\" title=\"36\" \/><\/div>\n\t\t<\/figure>\n\t<\/div>\n<div class=\"vc_empty_space\"   style=\"height: 40px\"><span class=\"vc_empty_space_inner\"><\/span><\/div>\n\t<div class=\"wpb_text_column wpb_content_element\" >\n\t\t<div class=\"wpb_wrapper\">\n\t\t\t<h3>Arena von Verona<\/h3>\n<p><strong>5 Minuten entfernt<\/strong><br \/>\nDas antike r\u00f6mische Amphitheater von immensem k\u00fcnstlerisch-kulturellem Wert ist das Symbol und das schlagende Herz von Verona: Seit Jahren finden hier das Opernfestival, Konzerte international renommierter K\u00fcnstler und zahlreiche kulturelle Veranstaltungen statt, die das ganze Jahr \u00fcber kontinuierlich angeboten werden.<\/p>\n\n\t\t<\/div>\n\t<\/div>\n<\/div><\/div><\/div><div class=\"wpb_column vc_column_container vc_col-sm-12 vc_col-lg-4 vc_col-md-4 vc_col-has-fill\"><div class=\"vc_column-inner vc_custom_1698066374017\"><div class=\"wpb_wrapper\">\n\t<div  class=\"wpb_single_image wpb_content_element vc_align_center\">\n\t\t\n\t\t<figure class=\"wpb_wrapper vc_figure\">\n\t\t\t<div class=\"vc_single_image-wrapper   vc_box_border_grey\"><img loading=\"lazy\" decoding=\"async\" class=\"vc_single_image-img\" src=\"https:\/\/www.albergomazzanti.it\/wp-content\/uploads\/2023\/11\/Progetto-senza-titolo-58-400x400.png\" width=\"400\" height=\"400\" alt=\"Teatro Romano\" title=\"R\u00f6misches Theater\" \/><\/div>\n\t\t<\/figure>\n\t<\/div>\n<div class=\"vc_empty_space\"   style=\"height: 40px\"><span class=\"vc_empty_space_inner\"><\/span><\/div>\n\t<div class=\"wpb_text_column wpb_content_element\" >\n\t\t<div class=\"wpb_wrapper\">\n\t\t\t<h3>R\u00f6misches Theater<\/h3>\n<p><strong>5 Minuten entfernt<\/strong><br \/>\nAntikes r\u00f6misches Amphitheater im Stadtzentrum. Es wurde im 1. Jahrhundert n. Chr. erbaut und ist eine wichtige, gut erhaltene historische St\u00e4tte, die im Sommer f\u00fcr Theaterauff\u00fchrungen und Konzerte genutzt wird.<\/p>\n\n\t\t<\/div>\n\t<\/div>\n<\/div><\/div><\/div><\/div><\/div><\/div><\/div><\/div><\/div><\/div><div class=\"vc_row wpb_row vc_row-fluid vc_custom_1698066121998 vc_row-has-fill eltd-content-aligment-center\" style=\"background-color:#f8f6f8\"><div class=\"wpb_column vc_column_container vc_col-sm-12 vc_col-has-fill\"><div class=\"vc_column-inner vc_custom_1698061309543\"><div class=\"wpb_wrapper\"><div class=\"eltd-section-title-holder eltd-separator-disabled\" >\n    <div class=\"eltd-section-title-inner\">\n                            <h2 class=\"eltd-st-title\" >\n                <span class=\"eltd-st-before\">Veranstaltungen<\/span>\n                <span>in Verona<\/span>\n            <\/h2>\n                            <\/div>\n<\/div><div class=\"eltd-row-grid-section-wrapper\" ><div class=\"eltd-row-grid-section\"><div class=\"vc_row wpb_row vc_inner vc_row-fluid vc_custom_1698066131551 vc_row-has-fill\" ><div class=\"wpb_column vc_column_container vc_col-sm-6\"><div class=\"vc_column-inner\"><div class=\"wpb_wrapper\">\n\t<div  class=\"wpb_single_image wpb_content_element vc_align_center\">\n\t\t\n\t\t<figure class=\"wpb_wrapper vc_figure\">\n\t\t\t<div class=\"vc_single_image-wrapper   vc_box_border_grey\"><img loading=\"lazy\" decoding=\"async\" class=\"vc_single_image-img\" src=\"https:\/\/www.albergomazzanti.it\/wp-content\/uploads\/2024\/01\/Romeo-Giulietta-Half-Maraton.png\" width=\"400\" height=\"400\" alt=\"Romeo &amp; Giulietta Half Maraton\" title=\"Romeo &amp; Julia-Halbmarathon\" \/><\/div>\n\t\t<\/figure>\n\t<\/div>\n\n\t<div class=\"wpb_text_column wpb_content_element\" >\n\t\t<div class=\"wpb_wrapper\">\n\t\t\t<h3>Romeo &amp; Julia-Halbmarathon<br \/>\n15 Febbraio 2026<\/h3>\n<p><strong>Im Zentrum von Verona<\/strong><br \/>\nDas romantischste Ereignis in Italien. Verlieben Sie sich in die Stadt\u00a0<em>Romeo und Julia<\/em>. Laufen Sie durch die Stra\u00dfen des Zentrums des sch\u00f6nen Verona.<\/p>\n<p>Weitere Informationen finden Sie unter <strong><a href=\"https:\/\/www.romeoegiuliettarunhalfmarathon.it\/\" target=\"_blank\" rel=\"noopener\">dedizierte Seite<\/a><\/strong><\/p>\n\n\t\t<\/div>\n\t<\/div>\n<\/div><\/div><\/div><div class=\"wpb_column vc_column_container vc_col-sm-6 vc_hidden-lg vc_hidden-md vc_hidden-sm vc_hidden-xs\"><div class=\"vc_column-inner\"><div class=\"wpb_wrapper\">\n\t<div  class=\"wpb_single_image wpb_content_element vc_align_center\">\n\t\t\n\t\t<figure class=\"wpb_wrapper vc_figure\">\n\t\t\t<div class=\"vc_single_image-wrapper   vc_box_border_grey\"><img loading=\"lazy\" decoding=\"async\" class=\"vc_single_image-img\" src=\"https:\/\/www.albergomazzanti.it\/wp-content\/uploads\/2023\/12\/Progetto-senza-titolo-74.png\" width=\"400\" height=\"400\" alt=\"Presepi dal mondo a Verona\" title=\"Krippen aus aller Welt in Verona\" \/><\/div>\n\t\t<\/figure>\n\t<\/div>\n<div class=\"vc_empty_space\"   style=\"height: 40px\"><span class=\"vc_empty_space_inner\"><\/span><\/div>\n\t<div class=\"wpb_text_column wpb_content_element\" >\n\t\t<div class=\"wpb_wrapper\">\n\t\t\t<h3>Presepi dal Mondo<br \/>\nin Verona<\/h3>\n<p><strong>Im Zentrum von Verona<\/strong><br \/>\nErleben Sie den Zauber der zahlreichen Krippen in einer spektakul\u00e4ren und eindrucksvollen Kulisse <b>dal 23.11.2024 al 19.01.2025<\/b>.<\/p>\n<p>Weitere Informationen finden Sie unter <strong><a href=\"https:\/\/www.presepiarenaverona.it\/?gclid=EAIaIQobChMIzOODlJ60gwMVhVNBAh04QAR5EAAYASAAEgKEWfD_BwE\" target=\"_blank\" rel=\"noopener\">dedizierte Seite<\/a><\/strong><\/p>\n\n\t\t<\/div>\n\t<\/div>\n<\/div><\/div><\/div><\/div><\/div><\/div><div class=\"eltd-row-grid-section-wrapper\" ><div class=\"eltd-row-grid-section\"><div class=\"vc_row wpb_row vc_inner vc_row-fluid vc_custom_1698066131551 vc_row-has-fill\" ><div class=\"wpb_column vc_column_container vc_col-sm-6 vc_hidden-lg vc_hidden-md vc_hidden-sm vc_hidden-xs\"><div class=\"vc_column-inner\"><div class=\"wpb_wrapper\">\n\t<div  class=\"wpb_single_image wpb_content_element vc_align_center\">\n\t\t\n\t\t<figure class=\"wpb_wrapper vc_figure\">\n\t\t\t<div class=\"vc_single_image-wrapper   vc_box_border_grey\"><img loading=\"lazy\" decoding=\"async\" class=\"vc_single_image-img\" src=\"https:\/\/www.albergomazzanti.it\/wp-content\/uploads\/2023\/10\/Gallery-Mazzanti-400x400.png\" width=\"400\" height=\"400\" alt=\"festival areniano\" title=\"Galerie Mazzanti\" \/><\/div>\n\t\t<\/figure>\n\t<\/div>\n<div class=\"vc_empty_space\"   style=\"height: 40px\"><span class=\"vc_empty_space_inner\"><\/span><\/div>\n\t<div class=\"wpb_text_column wpb_content_element\" >\n\t\t<div class=\"wpb_wrapper\">\n\t\t\t<h3>Festival Areniano 2025<\/h3>\n<p><strong>Ein paar Schritte vom Mazzanti Hotel entfernt<\/strong><br \/>\nDer unbestrittene Protagonist jedes veronesischen Sommers ist der <strong>102 \u00b0 Opera Festival all&#8217;Arena di Verona<\/strong> in programma per l&#8217;estate 2025 <strong>dal 13 giugno al 6 settembre<\/strong>. Es ist das Ereignis\u00a0<i>f\u00fcr Exzellenz<\/i> der Stadt Verona, das seit Jahrzehnten Millionen von Touristen und Opernliebhabern aus aller Welt nach Verona lockt.<\/p>\n<p>F\u00fcr weitere Informationen besuchen Sie <strong><a href=\"https:\/\/www.arena.it\/it\/arena-di-verona\/arena-di-verona-opera-festival-2024-biglietti\" target=\"_blank\" rel=\"noopener\">dedizierte Seite<\/a><\/strong><\/p>\n\n\t\t<\/div>\n\t<\/div>\n<\/div><\/div><\/div><div class=\"wpb_column vc_column_container vc_col-sm-6 vc_hidden-lg vc_hidden-md vc_hidden-sm vc_hidden-xs\"><div class=\"vc_column-inner\"><div class=\"wpb_wrapper\">\n\t<div  class=\"wpb_single_image wpb_content_element vc_align_center\">\n\t\t\n\t\t<figure class=\"wpb_wrapper vc_figure\">\n\t\t\t<div class=\"vc_single_image-wrapper   vc_box_border_grey\"><img loading=\"lazy\" decoding=\"async\" class=\"vc_single_image-img\" src=\"https:\/\/www.albergomazzanti.it\/wp-content\/uploads\/2023\/12\/Progetto-senza-titolo-75.png\" width=\"400\" height=\"400\" alt=\"Concerti Verona 2024\" title=\"Konzerte Verona 2024\" \/><\/div>\n\t\t<\/figure>\n\t<\/div>\n<div class=\"vc_empty_space\"   style=\"height: 40px\"><span class=\"vc_empty_space_inner\"><\/span><\/div>\n\t<div class=\"wpb_text_column wpb_content_element\" >\n\t\t<div class=\"wpb_wrapper\">\n\t\t\t<h3>Artisti in Concerto a Verona nel 2025<\/h3>\n<p><strong>Vivi la magia della musica a pochi passi dall&#8217;Albergo Mazzanti<\/strong><\/p>\n<p>Verona si prepara ad accogliere un 2025 ricco di emozioni musicali! La nostra citt\u00e0, con l&#8217;incantevole Arena e i prestigiosi teatri, sar\u00e0 il palcoscenico di eventi imperdibili.<\/p>\n<p><strong>Ecco alcuni appuntamenti da non perdere:<\/strong><\/p>\n<p><strong>\u2022 Lorenzo Jovanotti in Arena<\/strong><br \/>\n<em>15 maggio 2025<\/em> \u2013 Nuove date annunciate!<\/p>\n<p><a href=\"https:\/\/www.ticketone.it\/artist\/jovanotti\/?cityname=Verona\" target=\"_blank\" rel=\"noopener\">Scopri i dettagli<\/a><\/p>\n<p>\u2022 <strong>Alla scoperta di Morricone \u2013 Ensemble Symphony Orchestra<\/strong><br \/>\n<em>17 marzo 2025<\/em> \u2013 Teatro Filarmonico<br \/>\n<a href=\"https:\/\/www.ticketone.it\/artist\/scoperta-morricone\/?cityname=Verona\" target=\"_blank\" rel=\"noopener\">Scopri i dettagli<\/a><\/p>\n<p>\u2022 <strong>Geolier all&#8217;Arena di Verona<\/strong><br \/>\n<em>27 settembre 2025<\/em><br \/>\n<a href=\"https:\/\/www.ticketone.it\/artist\/geolier\/geolier-arena-di-verona-3805084\/?cityname=Verona\" target=\"_blank\" rel=\"noopener\">Scopri i dettagli<\/a><\/p>\n<p>\u2022 <strong>Claudio Baglioni<\/strong><br \/>\n<em>22 e 23 aprile 2025<\/em> \u2013 Teatro Filarmonico<br \/>\n<a href=\"https:\/\/www.ticketone.it\/artist\/claudio-baglioni\/?cityname=Verona\" target=\"_blank\" rel=\"noopener\">Scopri i dettagli<\/a><\/p>\n<p>E non \u00e8 tutto! Verona ospiter\u00e0 anche grandi artisti come <strong>Gianna Nannini<\/strong>, <strong>Massimo Ranieri<\/strong>, i leggendari <strong>Simple Minds<\/strong> e tanti altri eventi, tra cui i prestigiosi <strong>Music Awards<\/strong>.<\/p>\n<p><strong>Non perdere l\u2019occasione di vivere un soggiorno indimenticabile nel cuore di Verona.<\/strong> Prenota il tuo soggiorno all&#8217;Albergo Mazzanti e lasciati avvolgere dall\u2019atmosfera unica della citt\u00e0 e dei suoi eventi straordinari.<\/p>\n<p><a href=\"https:\/\/www.simplebooking.it\/ibe\/hotelbooking\/search?hid=2587&amp;lang=IT&amp;cur=EUR&amp;_gl=1*23s6nd*_ga*MTg2NTcwMDA5NC4xNzM2ODQ2MzU2*_ga_TVDL44TD4X*MTczNzAzMTI3NS4yLjEuMTczNzAzNDU4Mi41Mi4wLjA.\" target=\"_blank\" rel=\"noopener\">Buchen Sie jetzt Ihren Aufenthalt<\/a><\/p>\n\n\t\t<\/div>\n\t<\/div>\n<\/div><\/div><\/div><\/div><\/div><\/div><div class=\"eltd-row-grid-section-wrapper\" ><div class=\"eltd-row-grid-section\"><div class=\"vc_row wpb_row vc_inner vc_row-fluid vc_custom_1698066131551 vc_row-has-fill\" ><div class=\"wpb_column vc_column_container vc_col-sm-4 vc_hidden-lg vc_hidden-md vc_hidden-sm vc_hidden-xs\"><div class=\"vc_column-inner\"><div class=\"wpb_wrapper\">\n\t<div  class=\"wpb_single_image wpb_content_element vc_align_center\">\n\t\t\n\t\t<figure class=\"wpb_wrapper vc_figure\">\n\t\t\t<div class=\"vc_single_image-wrapper   vc_box_border_grey\"><img loading=\"lazy\" decoding=\"async\" class=\"vc_single_image-img\" src=\"https:\/\/www.albergomazzanti.it\/wp-content\/uploads\/2024\/01\/Verona-in-Love.png\" width=\"400\" height=\"400\" alt=\"Verona in Love\" title=\"Verona verliebt\" \/><\/div>\n\t\t<\/figure>\n\t<\/div>\n<div class=\"vc_empty_space\"   style=\"height: 40px\"><span class=\"vc_empty_space_inner\"><\/span><\/div>\n\t<div class=\"wpb_text_column wpb_content_element\" >\n\t\t<div class=\"wpb_wrapper\">\n\t\t\t<h3>Verona verliebt 2024<\/h3>\n<p><strong>Ein paar Schritte vom Mazzanti Hotel entfernt<\/strong><\/p>\n<p>Verona erlebt die Liebe an ihren eindrucksvollsten Orten zusammen mit vielen Orten in der Stadt, Theatern, Museen, Bibliotheken, Pl\u00e4tzen, kommerziellen Aktivit\u00e4ten und Restaurants in einem Programm voller Ereignisse und Emotionen.<br \/>\nBesuche den <strong><a href=\"https:\/\/lovinverona.com\/\" target=\"_blank\" rel=\"noopener\">dedizierte Seite<\/a><\/strong><\/p>\n\n\t\t<\/div>\n\t<\/div>\n<\/div><\/div><\/div><\/div><\/div><\/div><div class=\"eltd-row-grid-section-wrapper\" ><div class=\"eltd-row-grid-section\"><div class=\"vc_row wpb_row vc_inner vc_row-fluid vc_custom_1698066131551 vc_row-has-fill\" ><div class=\"wpb_column vc_column_container vc_col-sm-4 vc_hidden-lg vc_hidden-md vc_hidden-sm vc_hidden-xs\"><div class=\"vc_column-inner\"><div class=\"wpb_wrapper\">\n\t<div  class=\"wpb_single_image wpb_content_element vc_align_center\">\n\t\t\n\t\t<figure class=\"wpb_wrapper vc_figure\">\n\t\t\t<div class=\"vc_single_image-wrapper   vc_box_border_grey\"><img loading=\"lazy\" decoding=\"async\" class=\"vc_single_image-img\" src=\"https:\/\/www.albergomazzanti.it\/wp-content\/uploads\/2024\/10\/407276661_783804050438534_352119281044351050_n-400x400.jpg\" width=\"400\" height=\"400\" alt=\"407276661_783804050438534_352119281044351050_n\" title=\"407276661_783804050438534_352119281044351050_n\" \/><\/div>\n\t\t<\/figure>\n\t<\/div>\n<div class=\"vc_empty_space\"   style=\"height: 32px\"><span class=\"vc_empty_space_inner\"><\/span><\/div>\n\t<div class=\"wpb_text_column wpb_content_element\" >\n\t\t<div class=\"wpb_wrapper\">\n\t\t\t<h3>Verona Run Maraton | 17 Novembre 2024<\/h3>\n<p><strong>Im Zentrum von Verona<\/strong><br \/>\n<strong>42, 24 o 7\/8 km?<\/strong> Scegli la distanza che vuoi percorrere e preparati!<\/p>\n<p>Weitere Informationen finden Sie unter <strong><a href=\"https:\/\/www.straverona.it\/\" target=\"_blank\" rel=\"noopener\">dedizierte Seite<\/a><\/strong><\/p>\n\n\t\t<\/div>\n\t<\/div>\n<\/div><\/div><\/div><\/div><\/div><\/div><div class=\"eltd-row-grid-section-wrapper\" ><div class=\"eltd-row-grid-section\"><div class=\"vc_row wpb_row vc_inner vc_row-fluid vc_custom_1698066131551 vc_row-has-fill\" ><div class=\"wpb_column vc_column_container vc_col-sm-4 vc_hidden-lg vc_hidden-md vc_hidden-sm vc_hidden-xs\"><div class=\"vc_column-inner\"><div class=\"wpb_wrapper\">\n\t<div  class=\"wpb_single_image wpb_content_element vc_align_center\">\n\t\t\n\t\t<figure class=\"wpb_wrapper vc_figure\">\n\t\t\t<div class=\"vc_single_image-wrapper   vc_box_border_grey\"><img loading=\"lazy\" decoding=\"async\" class=\"vc_single_image-img\" src=\"https:\/\/www.albergomazzanti.it\/wp-content\/uploads\/2023\/11\/Screenshot-2023-11-20-alle-12.13.20-400x400.png\" width=\"400\" height=\"400\" alt=\"Christmas Run\" title=\"Weihnachtslauf\" \/><\/div>\n\t\t<\/figure>\n\t<\/div>\n<div class=\"vc_empty_space\"   style=\"height: 32px\"><span class=\"vc_empty_space_inner\"><\/span><\/div>\n\t<div class=\"wpb_text_column wpb_content_element\" >\n\t\t<div class=\"wpb_wrapper\">\n\t\t\t<h3>Christmas Run | 15 Dicembre 2024<\/h3>\n<p><strong>Im Zentrum von Verona<\/strong><br \/>\nLaufen oder spazieren Sie als Weihnachtsmann verkleidet durch die Mauern des wundersch\u00f6nen Verona. W\u00e4hlen Sie Ihre Route, 5 oder 10 km. Verbringen Sie einen feierlichen Tag mit Ihrer Familie oder Ihren Freunden.<\/p>\n<p>Weitere Informationen finden Sie unter <strong><a href=\"https:\/\/www.veronachristmasrun.it\/\" target=\"_blank\" rel=\"noopener\">dedizierte Seite<\/a><\/strong><\/p>\n\n\t\t<\/div>\n\t<\/div>\n<\/div><\/div><\/div><div class=\"wpb_column vc_column_container vc_col-sm-4 vc_hidden-lg vc_hidden-md vc_hidden-sm vc_hidden-xs\"><div class=\"vc_column-inner\"><div class=\"wpb_wrapper\">\n\t<div  class=\"wpb_single_image wpb_content_element vc_align_center\">\n\t\t\n\t\t<figure class=\"wpb_wrapper vc_figure\">\n\t\t\t<div class=\"vc_single_image-wrapper   vc_box_border_grey\"><img loading=\"lazy\" decoding=\"async\" class=\"vc_single_image-img\" src=\"https:\/\/www.albergomazzanti.it\/wp-content\/uploads\/2023\/11\/Progetto-senza-titolo-67-400x400.png\" width=\"400\" height=\"400\" alt=\"Mercatini di Natale a Verona\" title=\"Weihnachtsm\u00e4rkte in Verona\" \/><\/div>\n\t\t<\/figure>\n\t<\/div>\n<div class=\"vc_empty_space\"   style=\"height: 40px\"><span class=\"vc_empty_space_inner\"><\/span><\/div>\n\t<div class=\"wpb_text_column wpb_content_element\" >\n\t\t<div class=\"wpb_wrapper\">\n\t\t\t<h3>Mozart in Verona<\/h3>\n<p><strong>Ein paar Schritte vom Mazzanti Hotel entfernt<\/strong><\/p>\n<p>F\u00fcnfte Ausgabe der gro\u00dfen Veranstaltungsreihe, die dem musikalischen Genie von Wolfgang Amadeus Mozart gewidmet ist, um an die tiefe und untrennbare Verbindung zu erinnern, die zwischen dem deutschen Komponisten und der Stadt Verona entstand.<br \/>\nViele Termine geplant!<\/p>\n\n\t\t<\/div>\n\t<\/div>\n<div class=\"vc_btn3-container vc_btn3-inline\" ><a class=\"vc_general vc_btn3 vc_btn3-size-md vc_btn3-shape-rounded vc_btn3-style-modern vc_btn3-color-grey\" href=\"https:\/\/www.albergomazzanti.it\/wp-content\/uploads\/2023\/11\/MarcatinidiNatale2023.pdf\" title=\"\" target=\"_blank\">PROGRAMM IN PDF<\/a><\/div><\/div><\/div><\/div><div class=\"wpb_column vc_column_container vc_col-sm-4 vc_col-lg-4 vc_hidden-lg vc_col-md-4 vc_hidden-md vc_hidden-xs\"><div class=\"vc_column-inner\"><div class=\"wpb_wrapper\">\n\t<div  class=\"wpb_single_image wpb_content_element vc_align_center\">\n\t\t\n\t\t<figure class=\"wpb_wrapper vc_figure\">\n\t\t\t<div class=\"vc_single_image-wrapper   vc_box_border_grey\"><img loading=\"lazy\" decoding=\"async\" class=\"vc_single_image-img\" src=\"https:\/\/www.albergomazzanti.it\/wp-content\/uploads\/2023\/10\/Gallery-Mazzanti-400x400.png\" width=\"400\" height=\"400\" alt=\"festival areniano\" title=\"Galerie Mazzanti\" \/><\/div>\n\t\t<\/figure>\n\t<\/div>\n<div class=\"vc_empty_space\"   style=\"height: 40px\"><span class=\"vc_empty_space_inner\"><\/span><\/div>\n\t<div class=\"wpb_text_column wpb_content_element\" >\n\t\t<div class=\"wpb_wrapper\">\n\t\t\t<h3>Arena-Festival 2024<\/h3>\n<p><strong>Ein paar Schritte vom Mazzanti Hotel entfernt<\/strong><br \/>\nDer unbestrittene Protagonist jedes veronesischen Sommers ist der <strong>101. Opernfestival in der Arena di Verona<\/strong> geplant f\u00fcr Sommer 2024 <strong>vom 8. Juni bis 7. September<\/strong>. Es ist das Ereignis\u00a0<i>f\u00fcr Exzellenz<\/i> der Stadt Verona, das seit Jahrzehnten Millionen von Touristen und Opernliebhabern aus aller Welt nach Verona lockt.<\/p>\n<p>F\u00fcr weitere Informationen besuchen Sie <strong><a href=\"https:\/\/www.arena.it\/it\/arena-di-verona\/arena-di-verona-opera-festival-2024-biglietti\" target=\"_blank\" rel=\"noopener\">dedizierte Seite<\/a><\/strong><\/p>\n\n\t\t<\/div>\n\t<\/div>\n<\/div><\/div><\/div><\/div><\/div><\/div><div class=\"eltd-row-grid-section-wrapper\" ><div class=\"eltd-row-grid-section\"><div class=\"vc_row wpb_row vc_inner vc_row-fluid vc_custom_1698066131551 vc_row-has-fill\" ><div class=\"wpb_column vc_column_container vc_col-sm-4\"><div class=\"vc_column-inner\"><div class=\"wpb_wrapper\"><\/div><\/div><\/div><div class=\"wpb_column vc_column_container vc_col-sm-4\"><div class=\"vc_column-inner\"><div class=\"wpb_wrapper\"><\/div><\/div><\/div><div class=\"wpb_column vc_column_container vc_col-sm-4\"><div class=\"vc_column-inner\"><div class=\"wpb_wrapper\"><\/div><\/div><\/div><\/div><\/div><\/div><div class=\"eltd-row-grid-section-wrapper\" ><div class=\"eltd-row-grid-section\"><div class=\"vc_row wpb_row vc_inner vc_row-fluid vc_custom_1698066131551 vc_row-has-fill\" ><div class=\"wpb_column vc_column_container vc_col-sm-4 vc_hidden-lg vc_hidden-md vc_hidden-sm vc_hidden-xs\"><div class=\"vc_column-inner\"><div class=\"wpb_wrapper\">\n\t<div  class=\"wpb_single_image wpb_content_element vc_align_center\">\n\t\t\n\t\t<figure class=\"wpb_wrapper vc_figure\">\n\t\t\t<div class=\"vc_single_image-wrapper   vc_box_border_grey\"><img loading=\"lazy\" decoding=\"async\" class=\"vc_single_image-img\" src=\"https:\/\/www.albergomazzanti.it\/wp-content\/uploads\/2023\/11\/Progetto-senza-titolo-67-400x400.png\" width=\"400\" height=\"400\" alt=\"Mercatini di Natale a Verona\" title=\"Weihnachtsm\u00e4rkte in Verona\" \/><\/div>\n\t\t<\/figure>\n\t<\/div>\n<div class=\"vc_empty_space\"   style=\"height: 40px\"><span class=\"vc_empty_space_inner\"><\/span><\/div>\n\t<div class=\"wpb_text_column wpb_content_element\" >\n\t\t<div class=\"wpb_wrapper\">\n\t\t\t<h3>Weihnachtsm\u00e4rkte 2023<\/h3>\n<p><strong>Ein paar Schritte vom Mazzanti Hotel entfernt<\/strong><\/p>\n<p>Verona, eine UNESCO-Weltkulturerbestadt und immer ein Treffpunkt f\u00fcr Kultur und Traditionen, verwandelt sich in die Lichter, Kl\u00e4nge und Farben von Weihnachten. Zum f\u00fcnfzehnten Mal in Folge beherbergt die Piazza dei Signori in Zusammenarbeit mit dem N\u00fcrnberger Christkindlmarkt die charakteristischen Holzh\u00e4user der Weihnachtsm\u00e4rkte in Verona.<br \/>\nHier sind die \u00d6ffnungszeiten g\u00fcltig vom 17. November bis 26. Dezember 2023:<br \/>\n\u2022 von Sonntag bis Donnerstag: 10.00-21.30 Uhr<br \/>\n\u2022 Freitag und Samstag: 10.00-23.00 Uhr<br \/>\nZu den Sehensw\u00fcrdigkeiten z\u00e4hlen die Piazza dei Signori, der Cortile Mercato Vecchio, die Via della Costa, die Piazza Indipendenza, die Piazza Viviani, die Lungadige San Giorgio, die Ponte Pietra, die Ponte Scaligero di Castelvecchio und die Piazza San Zeno.<\/p>\n\n\t\t<\/div>\n\t<\/div>\n<div class=\"vc_btn3-container vc_btn3-inline\" ><a class=\"vc_general vc_btn3 vc_btn3-size-md vc_btn3-shape-rounded vc_btn3-style-modern vc_btn3-color-grey\" href=\"https:\/\/www.albergomazzanti.it\/wp-content\/uploads\/2023\/11\/MarcatinidiNatale2023.pdf\" title=\"\" target=\"_blank\">PROGRAMM IN PDF<\/a><\/div><\/div><\/div><\/div><div class=\"wpb_column vc_column_container vc_col-sm-4 vc_hidden-lg vc_hidden-md vc_hidden-sm vc_hidden-xs\"><div class=\"vc_column-inner\"><div class=\"wpb_wrapper\">\n\t<div  class=\"wpb_single_image wpb_content_element vc_align_center\">\n\t\t\n\t\t<figure class=\"wpb_wrapper vc_figure\">\n\t\t\t<div class=\"vc_single_image-wrapper   vc_box_border_grey\"><img loading=\"lazy\" decoding=\"async\" class=\"vc_single_image-img\" src=\"https:\/\/www.albergomazzanti.it\/wp-content\/uploads\/2023\/11\/Screenshot-2023-11-20-alle-12.13.20-400x400.png\" width=\"400\" height=\"400\" alt=\"Christmas Run\" title=\"Weihnachtslauf\" \/><\/div>\n\t\t<\/figure>\n\t<\/div>\n<div class=\"vc_empty_space\"   style=\"height: 32px\"><span class=\"vc_empty_space_inner\"><\/span><\/div>\n\t<div class=\"wpb_text_column wpb_content_element\" >\n\t\t<div class=\"wpb_wrapper\">\n\t\t\t<h3>Weihnachtslauf<\/h3>\n<p><strong>Im Zentrum von Verona<\/strong><br \/>\nLaufen oder spazieren Sie als Weihnachtsmann verkleidet durch die Mauern des wundersch\u00f6nen Verona. W\u00e4hlen Sie Ihre Route, 5 oder 10 km. Verbringen Sie einen feierlichen Tag mit Ihrer Familie oder Ihren Freunden.<\/p>\n<p>Weitere Informationen finden Sie unter <strong><a href=\"https:\/\/www.veronachristmasrun.it\/\" target=\"_blank\" rel=\"noopener\">dedizierte Seite<\/a><\/strong><\/p>\n\n\t\t<\/div>\n\t<\/div>\n<\/div><\/div><\/div><div class=\"wpb_column vc_column_container vc_col-sm-4 vc_col-lg-4 vc_hidden-lg vc_col-md-4 vc_hidden-md vc_hidden-xs\"><div class=\"vc_column-inner\"><div class=\"wpb_wrapper\">\n\t<div  class=\"wpb_single_image wpb_content_element vc_align_center\">\n\t\t\n\t\t<figure class=\"wpb_wrapper vc_figure\">\n\t\t\t<div class=\"vc_single_image-wrapper   vc_box_border_grey\"><img loading=\"lazy\" decoding=\"async\" class=\"vc_single_image-img\" src=\"https:\/\/www.albergomazzanti.it\/wp-content\/uploads\/2023\/10\/Gallery-Mazzanti-400x400.png\" width=\"400\" height=\"400\" alt=\"festival areniano\" title=\"Galerie Mazzanti\" \/><\/div>\n\t\t<\/figure>\n\t<\/div>\n<div class=\"vc_empty_space\"   style=\"height: 40px\"><span class=\"vc_empty_space_inner\"><\/span><\/div>\n\t<div class=\"wpb_text_column wpb_content_element\" >\n\t\t<div class=\"wpb_wrapper\">\n\t\t\t<h3>Arena-Festival 2024<\/h3>\n<p><strong>Ein paar Schritte vom Mazzanti Hotel entfernt<\/strong><br \/>\nDer unbestrittene Protagonist jedes veronesischen Sommers ist der <strong>101. Opernfestival in der Arena di Verona<\/strong> geplant f\u00fcr Sommer 2024 <strong>vom 8. Juni bis 7. September<\/strong>. Es ist das Ereignis\u00a0<i>f\u00fcr Exzellenz<\/i> der Stadt Verona, das seit Jahrzehnten Millionen von Touristen und Opernliebhabern aus aller Welt nach Verona lockt.<\/p>\n<p>F\u00fcr weitere Informationen besuchen Sie <strong><a href=\"https:\/\/www.arena.it\/it\/arena-di-verona\/arena-di-verona-opera-festival-2024-biglietti\" target=\"_blank\" rel=\"noopener\">dedizierte Seite<\/a><\/strong><\/p>\n\n\t\t<\/div>\n\t<\/div>\n<\/div><\/div><\/div><\/div><\/div><\/div><div class=\"eltd-row-grid-section-wrapper\" ><div class=\"eltd-row-grid-section\"><div class=\"vc_row wpb_row vc_inner vc_row-fluid vc_custom_1698066131551 vc_row-has-fill\" ><div class=\"wpb_column vc_column_container vc_col-sm-12 vc_col-lg-4 vc_hidden-lg vc_col-md-4 vc_hidden-md vc_hidden-sm vc_hidden-xs\"><div class=\"vc_column-inner\"><div class=\"wpb_wrapper\">\n\t<div  class=\"wpb_single_image wpb_content_element vc_align_center\">\n\t\t\n\t\t<figure class=\"wpb_wrapper vc_figure\">\n\t\t\t<div class=\"vc_single_image-wrapper   vc_box_border_grey\"><img loading=\"lazy\" decoding=\"async\" class=\"vc_single_image-img\" src=\"https:\/\/www.albergomazzanti.it\/wp-content\/uploads\/2023\/10\/Gallery-Mazzanti-400x400.png\" width=\"400\" height=\"400\" alt=\"festival areniano\" title=\"Galerie Mazzanti\" \/><\/div>\n\t\t<\/figure>\n\t<\/div>\n<div class=\"vc_empty_space\"   style=\"height: 40px\"><span class=\"vc_empty_space_inner\"><\/span><\/div>\n\t<div class=\"wpb_text_column wpb_content_element\" >\n\t\t<div class=\"wpb_wrapper\">\n\t\t\t<h3>Arena-Festival 2024<\/h3>\n<p><strong>Ein paar Schritte vom Mazzanti Hotel entfernt<\/strong><br \/>\nDer unbestrittene Protagonist jedes veronesischen Sommers ist der <strong>101. Opernfestival in der Arena di Verona<\/strong> geplant f\u00fcr Sommer 2024 <strong>vom 8. Juni bis 7. September<\/strong>. Es ist das Ereignis\u00a0<i>f\u00fcr Exzellenz<\/i> der Stadt Verona, das seit Jahrzehnten Millionen von Touristen und Opernliebhabern aus aller Welt nach Verona lockt.<\/p>\n<p>F\u00fcr weitere Informationen besuchen Sie <strong><a href=\"https:\/\/www.arena.it\/it\/arena-di-verona\/arena-di-verona-opera-festival-2024-biglietti\" target=\"_blank\" rel=\"noopener\">dedizierte Seite<\/a><\/strong><\/p>\n\n\t\t<\/div>\n\t<\/div>\n<\/div><\/div><\/div><div class=\"wpb_column vc_column_container vc_col-sm-12 vc_col-lg-4 vc_hidden-lg vc_col-md-4 vc_hidden-md vc_hidden-sm vc_hidden-xs vc_col-has-fill\"><div class=\"vc_column-inner vc_custom_1700473313781\"><div class=\"wpb_wrapper\">\n\t<div  class=\"wpb_single_image wpb_content_element vc_align_center\">\n\t\t\n\t\t<figure class=\"wpb_wrapper vc_figure\">\n\t\t\t<div class=\"vc_single_image-wrapper   vc_box_border_grey\"><img loading=\"lazy\" decoding=\"async\" class=\"vc_single_image-img\" src=\"https:\/\/www.albergomazzanti.it\/wp-content\/uploads\/2023\/10\/Gallery-Mazzanti-1-400x400.png\" width=\"400\" height=\"400\" alt=\"Verona Run Marathon\" title=\"Galerie Mazzanti (1)\" \/><\/div>\n\t\t<\/figure>\n\t<\/div>\n<div class=\"vc_empty_space\"   style=\"height: 40px\"><span class=\"vc_empty_space_inner\"><\/span><\/div>\n\t<div class=\"wpb_text_column wpb_content_element\" >\n\t\t<div class=\"wpb_wrapper\">\n\t\t\t<h3>Verona-Lauf-Marathon<\/h3>\n<p><strong>Im Zentrum von Verona<\/strong><br \/>\nGeplant am 19. November in Verona. Es werden 10.000 L\u00e4ufer erwartet, insgesamt 30.000 Menschen, darunter Freunde und Familie im Schlepptau, die aus allen Regionen Italiens und mindestens 50 Nationen auf der ganzen Welt kommen, mit dem Ziel, die Ziellinie zu erreichen. Die Athleten werden alle die ersten 20 Kilometer gemeinsam laufen, um das historische Zentrum der Stadt zu erobern, und dann als Teilnehmer des Halbmarathons in Richtung der Ziellinie auf der Piazza Bra direkt vor der Arena abweichen, w\u00e4hrend die Marathonl\u00e4ufer weiterlaufen um die gesamte Stadt Scaligera zu umarmen und dann auch in der Arena anzukommen.<\/p>\n<p>Weitere Informationen finden Sie unter <strong><a href=\"https:\/\/www.veronarunmarathon.it\/\" target=\"_blank\" rel=\"noopener\">dedizierte Seite<\/a><\/strong><\/p>\n\n\t\t<\/div>\n\t<\/div>\n<\/div><\/div><\/div><div class=\"wpb_column vc_column_container vc_col-sm-12 vc_col-lg-4 vc_hidden-lg vc_col-md-4 vc_hidden-md vc_hidden-sm vc_hidden-xs\"><div class=\"vc_column-inner\"><div class=\"wpb_wrapper\">\n\t<div  class=\"wpb_single_image wpb_content_element vc_align_center\">\n\t\t\n\t\t<figure class=\"wpb_wrapper vc_figure\">\n\t\t\t<div class=\"vc_single_image-wrapper   vc_box_border_grey\"><img loading=\"lazy\" decoding=\"async\" class=\"vc_single_image-img\" src=\"https:\/\/www.albergomazzanti.it\/wp-content\/uploads\/2023\/10\/2-3-400x400.png\" width=\"400\" height=\"400\" alt=\"2\" title=\"2\" \/><\/div>\n\t\t<\/figure>\n\t<\/div>\n<div class=\"vc_empty_space\"   style=\"height: 40px\"><span class=\"vc_empty_space_inner\"><\/span><\/div>\n\t<div class=\"wpb_text_column wpb_content_element\" >\n\t\t<div class=\"wpb_wrapper\">\n\t\t\t<h3>Pferdemesse<\/h3>\n<p><strong>125. Ausgabe: 9.-12. November 2023<\/strong><\/p>\n<p>Es ist ein unverzichtbares Ereignis und ein Bezugspunkt f\u00fcr die weltweite Reitsportszene und steht unmittelbar bevor. <b>Vom 9. bis 12. November<\/b>, mit diesem au\u00dfergew\u00f6hnlichen Ereignis\u00a0<b>Verona anreisen<\/b>\u00a0Es wird Enthusiasten, Familien und Fahrer aus der ganzen Welt anziehen!<\/p>\n<p><b>Pferdemesse<\/b>\u00a0Es ist eine Kombination aus Sport, Kultur, Tradition und Unterhaltung, die in \u00fcber 200 einzigartigen Veranstaltungen enthalten ist. Es umfasst atemberaubende Shows, spannende Vorf\u00fchrungen und einen spielerisch-p\u00e4dagogischen Bereich mit unterhaltsamen Bildungsaktivit\u00e4ten f\u00fcr Erwachsene und Kinder. Die Party geht bis in den Abend hinein mit den unvergesslichen Fieracavalli-N\u00e4chten und dem prestigetr\u00e4chtigen\u00a0<b>Goldene Gala<\/b>. Ein au\u00dfergew\u00f6hnliches Erlebnis, das die gesamte Welt des Pferdesports und noch viel mehr umfasst.<\/p>\n<p>F\u00fcr weitere Informationen besuchen Sie <a href=\"https:\/\/www.veronafiere.it\/calendario-fiere\/calendario-italia-2023\/?id=10928\" target=\"_blank\" rel=\"noopener\"><strong>dedizierte Seite<\/strong><\/a>.<\/p>\n\n\t\t<\/div>\n\t<\/div>\n<\/div><\/div><\/div><\/div><\/div><\/div><\/div><\/div><\/div><\/div><div id=\"contatti\" class=\"vc_row wpb_row vc_row-fluid\" ><div class=\"wpb_column vc_column_container vc_col-sm-12\"><div class=\"vc_column-inner\"><div class=\"wpb_wrapper\"><\/div><\/div><\/div><\/div>","protected":false},"excerpt":{"rendered":"Hotel in Verona im historischen Zentrum Ein Aufenthalt in unserem Hotel bedeutet, in Verona im historischen Zentrum zu sein, dem [...]","protected":false},"author":1,"featured_media":0,"parent":0,"menu_order":0,"comment_status":"closed","ping_status":"closed","template":"full-width.php","meta":{"footnotes":""},"class_list":["post-1089","page","type-page","status-publish","hentry"],"yoast_head":"<!-- This site is optimized with the Yoast SEO plugin v23.4 - https:\/\/yoast.com\/wordpress\/plugins\/seo\/ -->\n<title>Alberghi Verona centro storico | Albergo Mazzanti Centro Verona<\/title>\n<meta name=\"description\" content=\"Nel centro storico di Verona si trova uno tra gli alberghi pi\u00f9 rappresentativi di Verona, l&#039;Albergo Mazzanti, il quale dispone di 16 camere.\" \/>\n<meta name=\"robots\" content=\"index, follow, max-snippet:-1, max-image-preview:large, max-video-preview:-1\" \/>\n<link rel=\"canonical\" href=\"https:\/\/www.albergomazzanti.it\/de\/vicino-a-tutto-il-bello-di-verona\/\" \/>\n<meta property=\"og:locale\" content=\"de_DE\" \/>\n<meta property=\"og:type\" content=\"article\" \/>\n<meta property=\"og:title\" content=\"Alberghi Verona centro storico | Albergo Mazzanti Centro Verona\" \/>\n<meta property=\"og:description\" content=\"Nel centro storico di Verona si trova uno tra gli alberghi pi\u00f9 rappresentativi di Verona, l&#039;Albergo Mazzanti, il quale dispone di 16 camere.\" \/>\n<meta property=\"og:url\" content=\"https:\/\/www.albergomazzanti.it\/de\/vicino-a-tutto-il-bello-di-verona\/\" \/>\n<meta property=\"og:site_name\" content=\"Albergo Mazzanti Centro Verona\" \/>\n<meta property=\"article:modified_time\" content=\"2026-01-30T18:52:04+00:00\" \/>\n<meta name=\"twitter:card\" content=\"summary_large_image\" \/>\n<meta name=\"twitter:label1\" content=\"Gesch\u00e4tzte Lesezeit\" \/>\n\t<meta name=\"twitter:data1\" content=\"11\u00a0Minuten\" \/>\n<script type=\"application\/ld+json\" class=\"yoast-schema-graph\">{\"@context\":\"https:\/\/schema.org\",\"@graph\":[{\"@type\":\"WebPage\",\"@id\":\"https:\/\/www.albergomazzanti.it\/vicino-a-tutto-il-bello-di-verona\/\",\"url\":\"https:\/\/www.albergomazzanti.it\/vicino-a-tutto-il-bello-di-verona\/\",\"name\":\"Alberghi Verona centro storico | Albergo Mazzanti Centro Verona\",\"isPartOf\":{\"@id\":\"https:\/\/www.albergomazzanti.it\/#website\"},\"datePublished\":\"2023-10-19T12:06:05+00:00\",\"dateModified\":\"2026-01-30T18:52:04+00:00\",\"description\":\"Nel centro storico di Verona si trova uno tra gli alberghi pi\u00f9 rappresentativi di Verona, l'Albergo Mazzanti, il quale dispone di 16 camere.\",\"breadcrumb\":{\"@id\":\"https:\/\/www.albergomazzanti.it\/vicino-a-tutto-il-bello-di-verona\/#breadcrumb\"},\"inLanguage\":\"de\",\"potentialAction\":[{\"@type\":\"ReadAction\",\"target\":[\"https:\/\/www.albergomazzanti.it\/vicino-a-tutto-il-bello-di-verona\/\"]}]},{\"@type\":\"BreadcrumbList\",\"@id\":\"https:\/\/www.albergomazzanti.it\/vicino-a-tutto-il-bello-di-verona\/#breadcrumb\",\"itemListElement\":[{\"@type\":\"ListItem\",\"position\":1,\"name\":\"Home\",\"item\":\"https:\/\/www.albergomazzanti.it\/\"},{\"@type\":\"ListItem\",\"position\":2,\"name\":\"Vicino a tutto il bello di Verona\"}]},{\"@type\":\"WebSite\",\"@id\":\"https:\/\/www.albergomazzanti.it\/#website\",\"url\":\"https:\/\/www.albergomazzanti.it\/\",\"name\":\"Albergo Mazzanti Centro Verona\",\"description\":\"\",\"publisher\":{\"@id\":\"https:\/\/www.albergomazzanti.it\/#organization\"},\"potentialAction\":[{\"@type\":\"SearchAction\",\"target\":{\"@type\":\"EntryPoint\",\"urlTemplate\":\"https:\/\/www.albergomazzanti.it\/?s={search_term_string}\"},\"query-input\":{\"@type\":\"PropertyValueSpecification\",\"valueRequired\":true,\"valueName\":\"search_term_string\"}}],\"inLanguage\":\"de\"},{\"@type\":\"Organization\",\"@id\":\"https:\/\/www.albergomazzanti.it\/#organization\",\"name\":\"Albergo Mazzanti Centro Verona\",\"url\":\"https:\/\/www.albergomazzanti.it\/\",\"logo\":{\"@type\":\"ImageObject\",\"inLanguage\":\"de\",\"@id\":\"https:\/\/www.albergomazzanti.it\/#\/schema\/logo\/image\/\",\"url\":\"https:\/\/www.albergomazzanti.it\/wp-content\/uploads\/2023\/10\/5-1024x694.png\",\"contentUrl\":\"https:\/\/www.albergomazzanti.it\/wp-content\/uploads\/2023\/10\/5-1024x694.png\",\"width\":1024,\"height\":694,\"caption\":\"Albergo Mazzanti Centro Verona\"},\"image\":{\"@id\":\"https:\/\/www.albergomazzanti.it\/#\/schema\/logo\/image\/\"}}]}<\/script>\n<!-- \/ Yoast SEO plugin. -->","yoast_head_json":{"title":"Alberghi Verona centro storico | Albergo Mazzanti Centro Verona","description":"Nel centro storico di Verona si trova uno tra gli alberghi pi\u00f9 rappresentativi di Verona, l'Albergo Mazzanti, il quale dispone di 16 camere.","robots":{"index":"index","follow":"follow","max-snippet":"max-snippet:-1","max-image-preview":"max-image-preview:large","max-video-preview":"max-video-preview:-1"},"canonical":"https:\/\/www.albergomazzanti.it\/de\/vicino-a-tutto-il-bello-di-verona\/","og_locale":"de_DE","og_type":"article","og_title":"Alberghi Verona centro storico | Albergo Mazzanti Centro Verona","og_description":"Nel centro storico di Verona si trova uno tra gli alberghi pi\u00f9 rappresentativi di Verona, l'Albergo Mazzanti, il quale dispone di 16 camere.","og_url":"https:\/\/www.albergomazzanti.it\/de\/vicino-a-tutto-il-bello-di-verona\/","og_site_name":"Albergo Mazzanti Centro Verona","article_modified_time":"2026-01-30T18:52:04+00:00","twitter_card":"summary_large_image","twitter_misc":{"Gesch\u00e4tzte Lesezeit":"11\u00a0Minuten"},"schema":{"@context":"https:\/\/schema.org","@graph":[{"@type":"WebPage","@id":"https:\/\/www.albergomazzanti.it\/vicino-a-tutto-il-bello-di-verona\/","url":"https:\/\/www.albergomazzanti.it\/vicino-a-tutto-il-bello-di-verona\/","name":"Alberghi Verona centro storico | Albergo Mazzanti Centro Verona","isPartOf":{"@id":"https:\/\/www.albergomazzanti.it\/#website"},"datePublished":"2023-10-19T12:06:05+00:00","dateModified":"2026-01-30T18:52:04+00:00","description":"Nel centro storico di Verona si trova uno tra gli alberghi pi\u00f9 rappresentativi di Verona, l'Albergo Mazzanti, il quale dispone di 16 camere.","breadcrumb":{"@id":"https:\/\/www.albergomazzanti.it\/vicino-a-tutto-il-bello-di-verona\/#breadcrumb"},"inLanguage":"de","potentialAction":[{"@type":"ReadAction","target":["https:\/\/www.albergomazzanti.it\/vicino-a-tutto-il-bello-di-verona\/"]}]},{"@type":"BreadcrumbList","@id":"https:\/\/www.albergomazzanti.it\/vicino-a-tutto-il-bello-di-verona\/#breadcrumb","itemListElement":[{"@type":"ListItem","position":1,"name":"Home","item":"https:\/\/www.albergomazzanti.it\/"},{"@type":"ListItem","position":2,"name":"Vicino a tutto il bello di Verona"}]},{"@type":"WebSite","@id":"https:\/\/www.albergomazzanti.it\/#website","url":"https:\/\/www.albergomazzanti.it\/","name":"Albergo Mazzanti Centro Verona","description":"","publisher":{"@id":"https:\/\/www.albergomazzanti.it\/#organization"},"potentialAction":[{"@type":"SearchAction","target":{"@type":"EntryPoint","urlTemplate":"https:\/\/www.albergomazzanti.it\/?s={search_term_string}"},"query-input":{"@type":"PropertyValueSpecification","valueRequired":true,"valueName":"search_term_string"}}],"inLanguage":"de"},{"@type":"Organization","@id":"https:\/\/www.albergomazzanti.it\/#organization","name":"Albergo Mazzanti Centro Verona","url":"https:\/\/www.albergomazzanti.it\/","logo":{"@type":"ImageObject","inLanguage":"de","@id":"https:\/\/www.albergomazzanti.it\/#\/schema\/logo\/image\/","url":"https:\/\/www.albergomazzanti.it\/wp-content\/uploads\/2023\/10\/5-1024x694.png","contentUrl":"https:\/\/www.albergomazzanti.it\/wp-content\/uploads\/2023\/10\/5-1024x694.png","width":1024,"height":694,"caption":"Albergo Mazzanti Centro Verona"},"image":{"@id":"https:\/\/www.albergomazzanti.it\/#\/schema\/logo\/image\/"}}]}},"_links":{"self":[{"href":"https:\/\/www.albergomazzanti.it\/de\/wp-json\/wp\/v2\/pages\/1089","targetHints":{"allow":["GET"]}}],"collection":[{"href":"https:\/\/www.albergomazzanti.it\/de\/wp-json\/wp\/v2\/pages"}],"about":[{"href":"https:\/\/www.albergomazzanti.it\/de\/wp-json\/wp\/v2\/types\/page"}],"author":[{"embeddable":true,"href":"https:\/\/www.albergomazzanti.it\/de\/wp-json\/wp\/v2\/users\/1"}],"replies":[{"embeddable":true,"href":"https:\/\/www.albergomazzanti.it\/de\/wp-json\/wp\/v2\/comments?post=1089"}],"version-history":[{"count":102,"href":"https:\/\/www.albergomazzanti.it\/de\/wp-json\/wp\/v2\/pages\/1089\/revisions"}],"predecessor-version":[{"id":10663,"href":"https:\/\/www.albergomazzanti.it\/de\/wp-json\/wp\/v2\/pages\/1089\/revisions\/10663"}],"wp:attachment":[{"href":"https:\/\/www.albergomazzanti.it\/de\/wp-json\/wp\/v2\/media?parent=1089"}],"curies":[{"name":"wp","href":"https:\/\/api.w.org\/{rel}","templated":true}]}}